{"id":49,"date":"2024-01-20T10:08:43","date_gmt":"2024-01-20T10:08:43","guid":{"rendered":"https:\/\/compagniefrontieres.fr\/?page_id=49"},"modified":"2026-06-08T13:39:17","modified_gmt":"2026-06-08T13:39:17","slug":"femme-d-ici","status":"publish","type":"page","link":"https:\/\/compagniefrontieres.fr\/?page_id=49","title":{"rendered":"Femmes d\u2019ici"},"content":{"rendered":"\t\t<div data-elementor-type=\"wp-page\" data-elementor-id=\"49\" class=\"elementor elementor-49\" data-elementor-post-type=\"page\">\n\t\t\t\t<div class=\"elementor-element elementor-element-7ef7b6a e-flex e-con-boxed e-con e-parent\" data-id=\"7ef7b6a\" data-element_type=\"container\" data-e-type=\"container\">\n\t\t\t\t\t<div class=\"e-con-inner\">\n\t\t\t\t<div class=\"elementor-element elementor-element-dd7cecb elementor-widget elementor-widget-heading\" data-id=\"dd7cecb\" data-element_type=\"widget\" data-e-type=\"widget\" data-widget_type=\"heading.default\">\n\t\t\t\t<div class=\"elementor-widget-container\">\n\t\t\t\t\t<h2 class=\"elementor-heading-title elementor-size-default\">Ateliers immersifs &amp; documentaire\n\n<\/h2>\t\t\t\t<\/div>\n\t\t\t\t<\/div>\n\t\t\t\t\t<\/div>\n\t\t\t\t<\/div>\n\t\t<div class=\"elementor-element elementor-element-75a14b3 e-flex e-con-boxed e-con e-parent\" data-id=\"75a14b3\" data-element_type=\"container\" data-e-type=\"container\">\n\t\t\t\t\t<div class=\"e-con-inner\">\n\t\t\t\t<div class=\"elementor-element elementor-element-8fb015a elementor-widget elementor-widget-spacer\" data-id=\"8fb015a\" data-element_type=\"widget\" data-e-type=\"widget\" data-widget_type=\"spacer.default\">\n\t\t\t\t<div class=\"elementor-widget-container\">\n\t\t\t\t\t\t\t<div class=\"elementor-spacer\">\n\t\t\t<div class=\"elementor-spacer-inner\"><\/div>\n\t\t<\/div>\n\t\t\t\t\t\t<\/div>\n\t\t\t\t<\/div>\n\t\t\t\t\t<\/div>\n\t\t\t\t<\/div>\n\t\t<div class=\"elementor-element elementor-element-7046c68 e-grid e-con-boxed e-con e-parent\" data-id=\"7046c68\" data-element_type=\"container\" data-e-type=\"container\">\n\t\t\t\t\t<div class=\"e-con-inner\">\n\t\t\t\t<div class=\"elementor-element elementor-element-1d1c817 elementor-widget elementor-widget-text-editor\" data-id=\"1d1c817\" data-element_type=\"widget\" data-e-type=\"widget\" data-widget_type=\"text-editor.default\">\n\t\t\t\t<div class=\"elementor-widget-container\">\n\t\t\t\t\t\t\t\t\t<h4>Femmes d&rsquo;ici est un projet tourn\u00e9 exclusivement vers les femmes. Notre d\u00e9marche consiste \u00e0 intervenir aupr\u00e8s de groupes de femmes, afin de leur donner la parole \u00e0 travers la danse. De ce partage na\u00eetra un documentaire, fruit de nos rencontres.<br \/>Nous souhaitons offrir un espace d&rsquo;\u00e9change et d&rsquo;expression particuli\u00e8rement \u00e0 des femmes combattantes , que ce soit pour leur survie, leur sant\u00e9, leur travail ou leur \u00e9galit\u00e9. Femmes d&rsquo;ici s&rsquo;adresse \u00e0 diff\u00e9rents groupes de femmes que nos partenaires pourraient nous proposer. Nous envisageons pour cela d&rsquo;\u00eatre en lien \u00e9troit avec le tissu associatif autour des lieux o\u00f9 nous intervenons.<br \/>Une fois les groupes constitu\u00e9s, nos interventions prennent forme : nous commen\u00e7ons par mettre en place des rencontres et discussions autour de la culture, de la danse en particulier et de leur impact dans la soci\u00e9t\u00e9. Nous \u00e9changeons sur nos histoires, nos v\u00e9cus.<br \/>Nous proposons ensuite des ateliers d&rsquo;initiation \u00e0 la danse contemporaine, en nous inspirant compl\u00e8tement de notre rencontre avec le groupe de femmes. Au fur-et-\u00e0 mesure, nous poursuivons notre pratique avec les participantes, en restant \u00e0 l&rsquo;\u00e9coute de ce qu&rsquo;elles expriment, les amenant \u00e0 suivre un v\u00e9ritable processus cr\u00e9atif. Nous mettons en lumi\u00e8re les exp\u00e9riences corporelles de chacune.\u00a0<\/h4>\t\t\t\t\t\t\t\t<\/div>\n\t\t\t\t<\/div>\n\t\t\t\t<div class=\"elementor-element elementor-element-a524c8f elementor-widget elementor-widget-text-editor\" data-id=\"a524c8f\" data-element_type=\"widget\" data-e-type=\"widget\" data-widget_type=\"text-editor.default\">\n\t\t\t\t<div class=\"elementor-widget-container\">\n\t\t\t\t\t\t\t\t\t<h3><img fetchpriority=\"high\" decoding=\"async\" class=\"aligncenter wp-image-692 size-medium\" src=\"https:\/\/compagniefrontieres.fr\/wp-content\/uploads\/2025\/02\/Femmesdf-tmg-300x225.jpg\" alt=\"\" width=\"300\" height=\"225\" srcset=\"https:\/\/compagniefrontieres.fr\/wp-content\/uploads\/2025\/02\/Femmesdf-tmg-300x225.jpg 300w, https:\/\/compagniefrontieres.fr\/wp-content\/uploads\/2025\/02\/Femmesdf-tmg-1024x768.jpg 1024w, https:\/\/compagniefrontieres.fr\/wp-content\/uploads\/2025\/02\/Femmesdf-tmg-768x576.jpg 768w, https:\/\/compagniefrontieres.fr\/wp-content\/uploads\/2025\/02\/Femmesdf-tmg-1536x1152.jpg 1536w, https:\/\/compagniefrontieres.fr\/wp-content\/uploads\/2025\/02\/Femmesdf-tmg.jpg 2048w\" sizes=\"(max-width: 300px) 100vw, 300px\" \/><\/h3>\n<h3><em>Espace d&rsquo;\u00e9change et d&rsquo;expression\u2026<\/em><\/h3>\n<h3><em>Ateliers d&rsquo;initiation\u2026<\/em><\/h3>\n<h3><em>Exp\u00e9rience corporelle \u2026<\/em><\/h3>\t\t\t\t\t\t\t\t<\/div>\n\t\t\t\t<\/div>\n\t\t\t\t\t<\/div>\n\t\t\t\t<\/div>\n\t\t<div class=\"elementor-element elementor-element-a4af830 e-flex e-con-boxed e-con e-parent\" data-id=\"a4af830\" data-element_type=\"container\" data-e-type=\"container\">\n\t\t\t\t\t<div class=\"e-con-inner\">\n\t\t\t\t<div class=\"elementor-element elementor-element-ddf27bb elementor-widget elementor-widget-spacer\" data-id=\"ddf27bb\" data-element_type=\"widget\" data-e-type=\"widget\" data-widget_type=\"spacer.default\">\n\t\t\t\t<div class=\"elementor-widget-container\">\n\t\t\t\t\t\t\t<div class=\"elementor-spacer\">\n\t\t\t<div class=\"elementor-spacer-inner\"><\/div>\n\t\t<\/div>\n\t\t\t\t\t\t<\/div>\n\t\t\t\t<\/div>\n\t\t\t\t\t<\/div>\n\t\t\t\t<\/div>\n\t\t<div class=\"elementor-element elementor-element-b294f97 e-grid e-con-boxed e-con e-parent\" data-id=\"b294f97\" data-element_type=\"container\" data-e-type=\"container\">\n\t\t\t\t\t<div class=\"e-con-inner\">\n\t\t\t\t<div class=\"elementor-element elementor-element-f78a693 elementor-widget elementor-widget-text-editor\" data-id=\"f78a693\" data-element_type=\"widget\" data-e-type=\"widget\" data-widget_type=\"text-editor.default\">\n\t\t\t\t<div class=\"elementor-widget-container\">\n\t\t\t\t\t\t\t\t\t<h3>\u00a0<\/h3>\n<h3>\u00a0<\/h3>\n<h3><em>Voyage cin\u00e9matographique au coeur de notre aventure&#8230;<\/em><\/h3>\t\t\t\t\t\t\t\t<\/div>\n\t\t\t\t<\/div>\n\t\t\t\t<div class=\"elementor-element elementor-element-b725709 elementor-widget elementor-widget-text-editor\" data-id=\"b725709\" data-element_type=\"widget\" data-e-type=\"widget\" data-widget_type=\"text-editor.default\">\n\t\t\t\t<div class=\"elementor-widget-container\">\n\t\t\t\t\t\t\t\t\t<h4>\u00a0Parall\u00e8lement aux temps de rencontre, d&rsquo;\u00e9change et de d\u00e9couverte de l&rsquo;autre, nous sommes accompagn\u00e9es d&rsquo;un vid\u00e9aste en vue de la <strong>cr\u00e9ation d&rsquo;un documentaire<\/strong>, r\u00e9alis\u00e9 \u00e0 partir des images prises lors des ateliers et des discussions avec les femmes. Ce documentaire sera un voyage cin\u00e9matographique au c\u0153ur de notre aventure, un regard partag\u00e9 du vid\u00e9aste comme partenaire complice. De par nos pratiques, nous savons \u00e0 quel point la danse est un langage puissant, profond et universel. Elle touche au sensible et \u00e0 l&rsquo;int\u00e9riorit\u00e9 de chacun. Elle est \u00e0 la fois m\u00e9diatrice et r\u00e9v\u00e9latrice. Comme tout langage, elle permet de dire, d&rsquo;\u00e9changer et de rassembler. Cette plong\u00e9e dans les profondeurs de chacune de nos participantes sera sublim\u00e9e par le travail cin\u00e9matographique. Le documentaire fera rejaillir de mani\u00e8re po\u00e9tique et touchante chaque histoire, et chaque femme.<\/h4>\t\t\t\t\t\t\t\t<\/div>\n\t\t\t\t<\/div>\n\t\t\t\t\t<\/div>\n\t\t\t\t<\/div>\n\t\t<div class=\"elementor-element elementor-element-3f2fdc1 e-flex e-con-boxed e-con e-parent\" data-id=\"3f2fdc1\" data-element_type=\"container\" data-e-type=\"container\">\n\t\t\t\t\t<div class=\"e-con-inner\">\n\t\t\t\t<div class=\"elementor-element elementor-element-256fd90 elementor-widget elementor-widget-spacer\" data-id=\"256fd90\" data-element_type=\"widget\" data-e-type=\"widget\" data-widget_type=\"spacer.default\">\n\t\t\t\t<div class=\"elementor-widget-container\">\n\t\t\t\t\t\t\t<div class=\"elementor-spacer\">\n\t\t\t<div class=\"elementor-spacer-inner\"><\/div>\n\t\t<\/div>\n\t\t\t\t\t\t<\/div>\n\t\t\t\t<\/div>\n\t\t\t\t\t<\/div>\n\t\t\t\t<\/div>\n\t\t<div class=\"elementor-element elementor-element-2db0571 e-grid e-con-boxed e-con e-parent\" data-id=\"2db0571\" data-element_type=\"container\" data-e-type=\"container\">\n\t\t\t\t\t<div class=\"e-con-inner\">\n\t\t\t\t<div class=\"elementor-element elementor-element-1ffd9c4 elementor-widget elementor-widget-text-editor\" data-id=\"1ffd9c4\" data-element_type=\"widget\" data-e-type=\"widget\" data-widget_type=\"text-editor.default\">\n\t\t\t\t<div class=\"elementor-widget-container\">\n\t\t\t\t\t\t\t\t\t<h4><strong>Notre objectif fondamental<\/strong> \u00e0 travers ce projet, est de nous mettre au service de femmes qui n&rsquo;ont pas forc\u00e9ment d&rsquo;espace d&rsquo;expression, en leur proposant des possibilit\u00e9s de rencontres avec d&rsquo;autres femmes. Nous souhaitons qu&rsquo;elles puissent, \u00e0 travers la pratique de la danse, entrer en relation avec d&rsquo;autres, s&rsquo;exprimer, d\u00e9couvrir leur potentiel cr\u00e9atif, le plaisir de dire avec le corps dans son enti\u00e8ret\u00e9, renforcer l&rsquo;estime de soi et le sentiment d&rsquo;appartenance \u00e0 un groupe. Nous attachons beaucoup d&rsquo;importance au fait que la danse est aussi un langage \u00e9galitaire et chacune, avec son histoire, pourra trouver sa place dans le groupe, et sa dignit\u00e9. Le documentaire permettra une fen\u00eatre d&rsquo;acc\u00e8s sur notre travail, une ouverture du projet vers le monde ext\u00e9rieur, et surtout une continuit\u00e9 possible avec son propre cheminement.<\/h4>\t\t\t\t\t\t\t\t<\/div>\n\t\t\t\t<\/div>\n\t\t\t\t<div class=\"elementor-element elementor-element-0056b95 elementor-widget elementor-widget-text-editor\" data-id=\"0056b95\" data-element_type=\"widget\" data-e-type=\"widget\" data-widget_type=\"text-editor.default\">\n\t\t\t\t<div class=\"elementor-widget-container\">\n\t\t\t\t\t\t\t\t\t<h3>\u00a0<\/h3>\n<h3><em>Nous mettre au service des femmes\u2026<\/em><\/h3>\n<h3><em>Leur faire d\u00e9couvrir leur potentiel cr\u00e9atif \u2026<\/em><\/h3>\n<h3><em>Renforcer l&rsquo;estime de soi\u2026<\/em><\/h3>\t\t\t\t\t\t\t\t<\/div>\n\t\t\t\t<\/div>\n\t\t\t\t\t<\/div>\n\t\t\t\t<\/div>\n\t\t<div class=\"elementor-element elementor-element-dee8368 e-flex e-con-boxed e-con e-parent\" data-id=\"dee8368\" data-element_type=\"container\" data-e-type=\"container\">\n\t\t\t\t\t<div class=\"e-con-inner\">\n\t\t\t\t<div class=\"elementor-element elementor-element-1d2f2e5 elementor-widget elementor-widget-spacer\" data-id=\"1d2f2e5\" data-element_type=\"widget\" data-e-type=\"widget\" data-widget_type=\"spacer.default\">\n\t\t\t\t<div class=\"elementor-widget-container\">\n\t\t\t\t\t\t\t<div class=\"elementor-spacer\">\n\t\t\t<div class=\"elementor-spacer-inner\"><\/div>\n\t\t<\/div>\n\t\t\t\t\t\t<\/div>\n\t\t\t\t<\/div>\n\t\t\t\t\t<\/div>\n\t\t\t\t<\/div>\n\t\t<div class=\"elementor-element elementor-element-b43882b e-grid e-con-boxed e-con e-parent\" data-id=\"b43882b\" data-element_type=\"container\" data-e-type=\"container\">\n\t\t\t\t\t<div class=\"e-con-inner\">\n\t\t\t\t<div class=\"elementor-element elementor-element-983f5be elementor-widget elementor-widget-text-editor\" data-id=\"983f5be\" data-element_type=\"widget\" data-e-type=\"widget\" data-widget_type=\"text-editor.default\">\n\t\t\t\t<div class=\"elementor-widget-container\">\n\t\t\t\t\t\t\t\t\t<h3>\u00a0<\/h3>\n<h3>\u00a0<\/h3>\n<h3><em>Une exp\u00e9rience sur les changements possibles du regard &#8230;<\/em><\/h3>\t\t\t\t\t\t\t\t<\/div>\n\t\t\t\t<\/div>\n\t\t\t\t<div class=\"elementor-element elementor-element-04b8213 elementor-widget elementor-widget-text-editor\" data-id=\"04b8213\" data-element_type=\"widget\" data-e-type=\"widget\" data-widget_type=\"text-editor.default\">\n\t\t\t\t<div class=\"elementor-widget-container\">\n\t\t\t\t\t\t\t\t\t<h4>Femmes d&rsquo;ici a pour force d&rsquo;utiliser la danse et le cin\u00e9ma comme outils de cr\u00e9ativit\u00e9, et est aussi une exp\u00e9rience sur les changements possibles du regard : celui sur soi, mais aussi vers le monde, celui comme lien entre nous, celui du regard des autres envers soi. Lorsque l&rsquo;intimit\u00e9 de celui qui joue entre en<br \/>\u00e9cho avec celui qui regarde, nous pouvons alors r\u00eaver \u00e0 des espaces d&rsquo;\u00e9change encore plus grands. Femmes d&rsquo;ici permet de partager des valeurs universelles et de toucher \u00e0 ce que nous avons de commun, au-del\u00e0 de nos territoires, th\u00e9matique ch\u00e8re \u00e0 la Compagnie Fronti\u00e8res. Nous favorisons pour cela un travail autour de la puissance f\u00e9minine, cr\u00e9atrice et r\u00e9paratrice. Nous souhaitons que notre d\u00e9marche puisse permettre aux femmes de se sentir valoris\u00e9es, et nous pensons qu&rsquo;\u00e0 travers ce projet, elles pourront devenir pour d&rsquo;autres, inspirantes.<\/h4>\t\t\t\t\t\t\t\t<\/div>\n\t\t\t\t<\/div>\n\t\t\t\t\t<\/div>\n\t\t\t\t<\/div>\n\t\t\t\t<\/div>\n\t\t","protected":false},"excerpt":{"rendered":"<p>Ateliers immersifs &amp; documentaire Femmes d&rsquo;ici est un projet tourn\u00e9 exclusivement vers les femmes. Notre d\u00e9marche consiste \u00e0 intervenir aupr\u00e8s de groupes de femmes, afin de leur donner la parole \u00e0 travers la danse. De ce partage na\u00eetra un documentaire, fruit de nos rencontres.Nous souhaitons offrir un espace d&rsquo;\u00e9change et d&rsquo;expression particuli\u00e8rement \u00e0 des femmes [&hellip;]<\/p>\n","protected":false},"author":1,"featured_media":0,"parent":634,"menu_order":0,"comment_status":"closed","ping_status":"closed","template":"","meta":{"footnotes":""},"class_list":["post-49","page","type-page","status-publish","hentry"],"_links":{"self":[{"href":"https:\/\/compagniefrontieres.fr\/index.php?rest_route=\/wp\/v2\/pages\/49","targetHints":{"allow":["GET"]}}],"collection":[{"href":"https:\/\/compagniefrontieres.fr\/index.php?rest_route=\/wp\/v2\/pages"}],"about":[{"href":"https:\/\/compagniefrontieres.fr\/index.php?rest_route=\/wp\/v2\/types\/page"}],"author":[{"embeddable":true,"href":"https:\/\/compagniefrontieres.fr\/index.php?rest_route=\/wp\/v2\/users\/1"}],"replies":[{"embeddable":true,"href":"https:\/\/compagniefrontieres.fr\/index.php?rest_route=%2Fwp%2Fv2%2Fcomments&post=49"}],"version-history":[{"count":35,"href":"https:\/\/compagniefrontieres.fr\/index.php?rest_route=\/wp\/v2\/pages\/49\/revisions"}],"predecessor-version":[{"id":1688,"href":"https:\/\/compagniefrontieres.fr\/index.php?rest_route=\/wp\/v2\/pages\/49\/revisions\/1688"}],"up":[{"embeddable":true,"href":"https:\/\/compagniefrontieres.fr\/index.php?rest_route=\/wp\/v2\/pages\/634"}],"wp:attachment":[{"href":"https:\/\/compagniefrontieres.fr\/index.php?rest_route=%2Fwp%2Fv2%2Fmedia&parent=49"}],"curies":[{"name":"wp","href":"https:\/\/api.w.org\/{rel}","templated":true}]}}