{"id":384,"date":"2024-10-02T15:42:24","date_gmt":"2024-10-02T15:42:24","guid":{"rendered":"https:\/\/compagniefrontieres.fr\/?page_id=384"},"modified":"2026-06-09T14:24:51","modified_gmt":"2026-06-09T14:24:51","slug":"ce-que-tu-vois","status":"publish","type":"page","link":"https:\/\/compagniefrontieres.fr\/?page_id=384","title":{"rendered":"Ce que tu vois&#8230;"},"content":{"rendered":"\t\t<div data-elementor-type=\"wp-page\" data-elementor-id=\"384\" class=\"elementor elementor-384\" data-elementor-post-type=\"page\">\n\t\t\t\t<div class=\"elementor-element elementor-element-cb04b3f e-flex e-con-boxed e-con e-parent\" data-id=\"cb04b3f\" data-element_type=\"container\" data-e-type=\"container\">\n\t\t\t\t\t<div class=\"e-con-inner\">\n\t\t\t\t<div class=\"elementor-element elementor-element-128f245 elementor-widget elementor-widget-spacer\" data-id=\"128f245\" data-element_type=\"widget\" data-e-type=\"widget\" data-widget_type=\"spacer.default\">\n\t\t\t\t<div class=\"elementor-widget-container\">\n\t\t\t\t\t\t\t<div class=\"elementor-spacer\">\n\t\t\t<div class=\"elementor-spacer-inner\"><\/div>\n\t\t<\/div>\n\t\t\t\t\t\t<\/div>\n\t\t\t\t<\/div>\n\t\t\t\t\t<\/div>\n\t\t\t\t<\/div>\n\t\t<div class=\"elementor-element elementor-element-bfb1870 e-flex e-con-boxed e-con e-parent\" data-id=\"bfb1870\" data-element_type=\"container\" data-e-type=\"container\">\n\t\t\t\t\t<div class=\"e-con-inner\">\n\t\t\t\t<div class=\"elementor-element elementor-element-9f4d1ad elementor-align-center elementor-widget elementor-widget-button\" data-id=\"9f4d1ad\" data-element_type=\"widget\" data-e-type=\"widget\" data-widget_type=\"button.default\">\n\t\t\t\t<div class=\"elementor-widget-container\">\n\t\t\t\t\t\t\t\t\t<div class=\"elementor-button-wrapper\">\n\t\t\t\t\t<a class=\"elementor-button elementor-button-link elementor-size-sm\" href=\"https:\/\/drive.google.com\/file\/d\/1uTLRY2v3pjZ5iKE2noh1-hels9ySkSxe\/view?usp=drive_link\" target=\"_blank\">\n\t\t\t\t\t\t<span class=\"elementor-button-content-wrapper\">\n\t\t\t\t\t\t\t\t\t<span class=\"elementor-button-text\">T\u00e9l\u00e9chargez le dossier complet<\/span>\n\t\t\t\t\t<\/span>\n\t\t\t\t\t<\/a>\n\t\t\t\t<\/div>\n\t\t\t\t\t\t\t\t<\/div>\n\t\t\t\t<\/div>\n\t\t\t\t\t<\/div>\n\t\t\t\t<\/div>\n\t\t<div class=\"elementor-element elementor-element-453b60b e-flex e-con-boxed e-con e-parent\" data-id=\"453b60b\" data-element_type=\"container\" data-e-type=\"container\">\n\t\t\t\t\t<div class=\"e-con-inner\">\n\t\t\t\t<div class=\"elementor-element elementor-element-315d6e4 elementor-widget elementor-widget-spacer\" data-id=\"315d6e4\" data-element_type=\"widget\" data-e-type=\"widget\" data-widget_type=\"spacer.default\">\n\t\t\t\t<div class=\"elementor-widget-container\">\n\t\t\t\t\t\t\t<div class=\"elementor-spacer\">\n\t\t\t<div class=\"elementor-spacer-inner\"><\/div>\n\t\t<\/div>\n\t\t\t\t\t\t<\/div>\n\t\t\t\t<\/div>\n\t\t\t\t\t<\/div>\n\t\t\t\t<\/div>\n\t\t<div class=\"elementor-element elementor-element-2fdf42e e-grid e-con-boxed e-con e-parent\" data-id=\"2fdf42e\" data-element_type=\"container\" data-e-type=\"container\">\n\t\t\t\t\t<div class=\"e-con-inner\">\n\t\t\t\t<div class=\"elementor-element elementor-element-3ad7f2e elementor-widget elementor-widget-text-editor\" data-id=\"3ad7f2e\" data-element_type=\"widget\" data-e-type=\"widget\" data-widget_type=\"text-editor.default\">\n\t\t\t\t<div class=\"elementor-widget-container\">\n\t\t\t\t\t\t\t\t\t<h3>\u00a0<\/h3>\n<h3>\u00a0<\/h3>\n<h3><strong>La compagnie Fr\u00f8nti\u00e8res propose<\/strong><\/h3>\n<ul>\n<li>\n<h3><strong>Un spectacle tout public, jou\u00e9 sur sc\u00e8ne ou dans les lieux non d\u00e9di\u00e9s. <\/strong><\/h3>\n<\/li>\n<li>\n<h3><strong>2 danseuses, dur\u00e9e 45mn en version sc\u00e8ne, 30mn en version in situ.<\/strong><\/h3>\n<\/li>\n<li>\n<h3><strong>Des ateliers de sensibilisation autour du spectacle<\/strong><\/h3>\n<\/li>\n<li>\n<h3><strong>Une r<\/strong><strong>encontre avec une personne en situation de handicap et son chien d&rsquo;assistance<\/strong><\/h3>\n<\/li>\n<\/ul>\t\t\t\t\t\t\t\t<\/div>\n\t\t\t\t<\/div>\n\t\t\t\t<div class=\"elementor-element elementor-element-1c01b04 elementor-widget elementor-widget-image\" data-id=\"1c01b04\" data-element_type=\"widget\" data-e-type=\"widget\" data-widget_type=\"image.default\">\n\t\t\t\t<div class=\"elementor-widget-container\">\n\t\t\t\t\t\t\t\t\t\t\t\t\t\t\t<img fetchpriority=\"high\" decoding=\"async\" width=\"800\" height=\"601\" src=\"https:\/\/compagniefrontieres.fr\/wp-content\/uploads\/2026\/04\/P1140863-1024x769.jpg\" class=\"attachment-large size-large wp-image-1670\" alt=\"\" srcset=\"https:\/\/compagniefrontieres.fr\/wp-content\/uploads\/2026\/04\/P1140863-1024x769.jpg 1024w, https:\/\/compagniefrontieres.fr\/wp-content\/uploads\/2026\/04\/P1140863-300x225.jpg 300w, https:\/\/compagniefrontieres.fr\/wp-content\/uploads\/2026\/04\/P1140863-768x577.jpg 768w, https:\/\/compagniefrontieres.fr\/wp-content\/uploads\/2026\/04\/P1140863-1536x1153.jpg 1536w, https:\/\/compagniefrontieres.fr\/wp-content\/uploads\/2026\/04\/P1140863-2048x1538.jpg 2048w\" sizes=\"(max-width: 800px) 100vw, 800px\" \/>\t\t\t\t\t\t\t\t\t\t\t\t\t\t\t<\/div>\n\t\t\t\t<\/div>\n\t\t\t\t\t<\/div>\n\t\t\t\t<\/div>\n\t\t<div class=\"elementor-element elementor-element-125c33fc e-flex e-con-boxed e-con e-parent\" data-id=\"125c33fc\" data-element_type=\"container\" data-e-type=\"container\">\n\t\t\t\t\t<div class=\"e-con-inner\">\n\t\t\t\t<div class=\"elementor-element elementor-element-6b5bd79 elementor-widget elementor-widget-text-editor\" data-id=\"6b5bd79\" data-element_type=\"widget\" data-e-type=\"widget\" data-widget_type=\"text-editor.default\">\n\t\t\t\t<div class=\"elementor-widget-container\">\n\t\t\t\t\t\t\t\t\t\t\t\t\t\t\t\t\t<\/div>\n\t\t\t\t<\/div>\n\t\t\t\t\t<\/div>\n\t\t\t\t<\/div>\n\t\t<div class=\"elementor-element elementor-element-11c0872 e-flex e-con-boxed e-con e-parent\" data-id=\"11c0872\" data-element_type=\"container\" data-e-type=\"container\">\n\t\t\t\t\t<div class=\"e-con-inner\">\n\t\t\t\t<div class=\"elementor-element elementor-element-4a06053 elementor-widget elementor-widget-text-editor\" data-id=\"4a06053\" data-element_type=\"widget\" data-e-type=\"widget\" data-widget_type=\"text-editor.default\">\n\t\t\t\t<div class=\"elementor-widget-container\">\n\t\t\t\t\t\t\t\t\t<h4>En tant qu\u2019artistes, nous vivons le monde de mani\u00e8re sensible. Avec le corps, la voix et les sens comme langage, nous souhaitons entrer en lien avec l\u2019imaginaire de chacun\u00b7e.<\/h4>\n<p>Notre objectif est de partager notre regard sur ce qui est parfois invisible ou imperceptible chez l\u2019autre. Nous pensons que l\u2019art et la rencontre avec la diff\u00e9rence font na\u00eetre de nouvelles perceptions, ouvrent des espaces de curiosit\u00e9 et de sensibilit\u00e9, et invitent chacun\u00b7e \u00e0 porter cette ouverture dans son quotidien. Le projet se d\u00e9ploie \u00e9galement \u00e0 travers des temps de m\u00e9diation et de rencontres, qui nourrissent et prolongent la recherche artistique.<\/p>\n<p>Nous croyons que l\u2019exp\u00e9rience de \u201cCe que tu vois&#8230;\u201d, en \u00e9veillant attention, respect et empathie, notamment aupr\u00e8s des plus jeunes, participe \u00e0 une soci\u00e9t\u00e9 plus juste et plus \u00e9quitable.<\/p>\n<p>Tous les lieux de vie, de l\u2019\u00e9cole aux espaces partag\u00e9s, sont autant d\u2019opportunit\u00e9s pour prolonger et diffuser cette ouverture, semer des graines de r\u00e9flexion et nourrir des \u00e9changes qui vont bien au-del\u00e0 de l\u2019exp\u00e9rience artistique elle-m\u00eame.<\/p>\n<p>\u00a0<\/p>\t\t\t\t\t\t\t\t<\/div>\n\t\t\t\t<\/div>\n\t\t\t\t\t<\/div>\n\t\t\t\t<\/div>\n\t\t<div class=\"elementor-element elementor-element-cb6709d e-flex e-con-boxed e-con e-parent\" data-id=\"cb6709d\" data-element_type=\"container\" data-e-type=\"container\">\n\t\t\t\t\t<div class=\"e-con-inner\">\n\t\t\t\t<div class=\"elementor-element elementor-element-ed05fa9 elementor-widget elementor-widget-text-editor\" data-id=\"ed05fa9\" data-element_type=\"widget\" data-e-type=\"widget\" data-widget_type=\"text-editor.default\">\n\t\t\t\t<div class=\"elementor-widget-container\">\n\t\t\t\t\t\t\t\t\t<h4>\u00c0 travers le prisme du handicap visible et invisible, les chor\u00e9graphes explorent les \u00e9carts entre perception et r\u00e9alit\u00e9, entre ce qui est donn\u00e9 \u00e0 voir et ce qui nous \u00e9chappe. Leur recherche est port\u00e9e par une question simple et pourtant vertigineuse : que voit-on r\u00e9ellement de l\u2019autre ?<br \/>Que per\u00e7oit-on, que projette-t-on, que manque-t-on ?<br \/>Ce duo de danse et texte est n\u00e9 des exp\u00e9riences personnelles des deux chor\u00e9graphes, mais aussi de r\u00e9cits, d\u2019ouvrages et po\u00e9sies sur le th\u00e8me du handicap, ainsi que de rencontres marquantes au fil de leur parcours. L\u2019\u00e9criture du spectacle s\u2019\u00e9labore dans un va-et-vient entre v\u00e9cu intime et regard port\u00e9 sur le monde, avec le d\u00e9sir de partager une perception sensible d\u2019un sujet encore trop m\u00e9connu, travers\u00e9 par de nombreuses id\u00e9es re\u00e7ues.<\/h4>\n<h4>A travers le mouvement et la parole, les chor\u00e9graphes cr\u00e9ent un espace d\u2019exp\u00e9riences partag\u00e9es, de rencontre, de dialogue et d\u2019expression, o\u00f9 les personnages r\u00e9v\u00e8lent leurs r\u00e9alit\u00e9s int\u00e9rieures, d\u00e9construisant nos croyances. Le spectateur est invit\u00e9 \u00e0 voyager et se laisser porter au fil de cette travers\u00e9e, l\u00e0 o\u00f9 son regard se d\u00e9cale, se transforme. Les rep\u00e8res vacillent, une autre mani\u00e8re de percevoir \u00e9merge, laissant entrevoir ce qui, jusque-l\u00e0, \u00e9chappait :<\/h4>\n<h2><br \/>Derri\u00e8re ce que tu vois&#8230; existe tout ce que tu ne vois pas !<\/h2>\t\t\t\t\t\t\t\t<\/div>\n\t\t\t\t<\/div>\n\t\t<div class=\"elementor-element elementor-element-7e39029 e-con-full e-flex e-con e-child\" data-id=\"7e39029\" data-element_type=\"container\" data-e-type=\"container\">\n\t\t\t\t<\/div>\n\t\t\t\t\t<\/div>\n\t\t\t\t<\/div>\n\t\t<div class=\"elementor-element elementor-element-1b04639 e-grid e-con-boxed e-con e-parent\" data-id=\"1b04639\" data-element_type=\"container\" data-e-type=\"container\">\n\t\t\t\t\t<div class=\"e-con-inner\">\n\t\t\t\t<div class=\"elementor-element elementor-element-aa55388 elementor-widget elementor-widget-image\" data-id=\"aa55388\" data-element_type=\"widget\" data-e-type=\"widget\" data-widget_type=\"image.default\">\n\t\t\t\t<div class=\"elementor-widget-container\">\n\t\t\t\t\t\t\t\t\t\t\t\t\t\t\t<img decoding=\"async\" width=\"683\" height=\"1024\" src=\"https:\/\/compagniefrontieres.fr\/wp-content\/uploads\/2025\/02\/WhatsApp-Image-2024-09-12-at-17.31.51-1-683x1024.jpeg\" class=\"attachment-large size-large wp-image-873\" alt=\"\" srcset=\"https:\/\/compagniefrontieres.fr\/wp-content\/uploads\/2025\/02\/WhatsApp-Image-2024-09-12-at-17.31.51-1-683x1024.jpeg 683w, https:\/\/compagniefrontieres.fr\/wp-content\/uploads\/2025\/02\/WhatsApp-Image-2024-09-12-at-17.31.51-1-200x300.jpeg 200w, https:\/\/compagniefrontieres.fr\/wp-content\/uploads\/2025\/02\/WhatsApp-Image-2024-09-12-at-17.31.51-1-768x1151.jpeg 768w, https:\/\/compagniefrontieres.fr\/wp-content\/uploads\/2025\/02\/WhatsApp-Image-2024-09-12-at-17.31.51-1-1025x1536.jpeg 1025w, https:\/\/compagniefrontieres.fr\/wp-content\/uploads\/2025\/02\/WhatsApp-Image-2024-09-12-at-17.31.51-1.jpeg 1366w\" sizes=\"(max-width: 683px) 100vw, 683px\" \/>\t\t\t\t\t\t\t\t\t\t\t\t\t\t\t<\/div>\n\t\t\t\t<\/div>\n\t\t\t\t<div class=\"elementor-element elementor-element-59c9bdd elementor-widget elementor-widget-text-editor\" data-id=\"59c9bdd\" data-element_type=\"widget\" data-e-type=\"widget\" data-widget_type=\"text-editor.default\">\n\t\t\t\t<div class=\"elementor-widget-container\">\n\t\t\t\t\t\t\t\t\t<h6>\u00a0<\/h6>\n<p><strong>Partenariat avec l\u2019association Cyno-sens<\/strong><\/p>\n<p><span style=\"font-weight: 400;\">Cyno-sens est une association qui accompagne les personnes porteuses de handicap dans la formation de leur chien d\u2019assistance ou chien guide<\/span><span style=\"font-weight: 400;\">.<\/span> <span style=\"font-weight: 400;\">Particuli\u00e8rement attentionn\u00e9e \u00e0 la relation animal\/ma\u00eetre, Cyno-sens poss\u00e8de un r\u00e9seau sur tout le territoire national.\u00a0<\/span><\/p>\n<p><span style=\"font-weight: 400;\">Gr\u00e2ce \u00e0 ce partenariat, une personne porteuse de handicap, accompagn\u00e9e de son chien d&rsquo;assistance viendra dans l\u2019\u00e9cole, rencontrer les enfants. Cette rencontre\/t\u00e9moignage permettra \u00e0 ceux-ci de poser toutes leurs questions, sans filtre! Elle participera \u00e0 la compr\u00e9hension du propos artistique d\u00e9velopp\u00e9 dans <\/span><i><span style=\"font-weight: 400;\">Ce que tu vois\u2026<\/span><\/i><\/p>\n<p>\u00a0<\/p>\t\t\t\t\t\t\t\t<\/div>\n\t\t\t\t<\/div>\n\t\t\t\t\t<\/div>\n\t\t\t\t<\/div>\n\t\t<div class=\"elementor-element elementor-element-b78f9aa e-flex e-con-boxed e-con e-parent\" data-id=\"b78f9aa\" data-element_type=\"container\" data-e-type=\"container\">\n\t\t\t\t\t<div class=\"e-con-inner\">\n\t\t\t\t<div class=\"elementor-element elementor-element-ebe2120 elementor-widget elementor-widget-spacer\" data-id=\"ebe2120\" data-element_type=\"widget\" data-e-type=\"widget\" data-widget_type=\"spacer.default\">\n\t\t\t\t<div class=\"elementor-widget-container\">\n\t\t\t\t\t\t\t<div class=\"elementor-spacer\">\n\t\t\t<div class=\"elementor-spacer-inner\"><\/div>\n\t\t<\/div>\n\t\t\t\t\t\t<\/div>\n\t\t\t\t<\/div>\n\t\t\t\t<div class=\"elementor-element elementor-element-aeba33c elementor-widget elementor-widget-text-editor\" data-id=\"aeba33c\" data-element_type=\"widget\" data-e-type=\"widget\" data-widget_type=\"text-editor.default\">\n\t\t\t\t<div class=\"elementor-widget-container\">\n\t\t\t\t\t\t\t\t\t<h4>Lorsque cela sera possible, Octave, chien d\u2019assistance de la danseuse Lilou, accompagnera les artistes sur leurs temps d\u2019intervention.<br \/>Option micro-trottoir avec les \u00e9coles :<br \/>Les enfants pourront devenir de vrais petits journalistes en herbe : accompagn\u00e9s du chien d\u2019assistance, des danseuses et d&rsquo;un technicien, \u00e9quip\u00e9s de micros, ils partiront \u00e0 la rencontre des passants, les questionnant sur leur avis au sujet du chien d&rsquo;assistance. Quel est leur premier ressenti, quel est cet animal, quelle est sa fonction, quelle forme d\u2019assistance peut-il apporter? Les enfants prendront vite la mesure des a priori (car nous pr\u00e9cisons qu\u2019Octave est un caniche royal, ce qui laisse peu pr\u00e9sager de ses incroyables capacit\u00e9s). La captation sonore r\u00e9alis\u00e9e par les enfants pourra \u00eatre utilis\u00e9e lors des ateliers danse dans l\u2019\u00e9cole mais aussi pour d\u2019autres usages (restitution dans les m\u00e9diath\u00e8ques, projet radio, podcasts&#8230;)<\/h4>\t\t\t\t\t\t\t\t<\/div>\n\t\t\t\t<\/div>\n\t\t\t\t\t<\/div>\n\t\t\t\t<\/div>\n\t\t<div class=\"elementor-element elementor-element-ece280f e-grid e-con-boxed e-con e-parent\" data-id=\"ece280f\" data-element_type=\"container\" data-e-type=\"container\">\n\t\t\t\t\t<div class=\"e-con-inner\">\n\t\t\t\t<div class=\"elementor-element elementor-element-4c39187 elementor-widget elementor-widget-text-editor\" data-id=\"4c39187\" data-element_type=\"widget\" data-e-type=\"widget\" data-widget_type=\"text-editor.default\">\n\t\t\t\t<div class=\"elementor-widget-container\">\n\t\t\t\t\t\t\t\t\t<h5><strong>Un projet au c\u0153ur des lieux d&rsquo;\u00e9ducation<\/strong><\/h5>\n<p><span style=\"font-weight: 400;\">Les th\u00e8mes centraux de <\/span><i><span style=\"font-weight: 400;\">Ce que tu vois<\/span><\/i><span style=\"font-weight: 400;\">\u2026 sont\u00a0 l\u2019inclusivit\u00e9, l\u2019ouverture \u00e0 la diff\u00e9rence \u00e0 travers le prisme du handicap visible ou invisible, l\u2019\u00e9galit\u00e9 des chances et l&rsquo;\u00e9quit\u00e9 des propositions \u00e9ducatives et la communication interg\u00e9n\u00e9rationnelle.<\/span><\/p>\n<p><span style=\"font-weight: 400;\">Nous proposons une exp\u00e9rience artistique, partag\u00e9e, afin d\u2019apporter au groupe une ouverture, favoriser l&#8217;empathie, la tol\u00e9rance envers chacun, la pr\u00e9vention contre le harc\u00e8lement, et la r\u00e9alisation que nous ne sommes, finalement, jamais tant diff\u00e9rents les uns des autres.<\/span><span style=\"font-weight: 400;\">\u00a0<\/span><\/p>\n<p><i><span style=\"font-weight: 400;\">Ce que tu vois\u2026<\/span><\/i><span style=\"font-weight: 400;\">\u00a0d\u00e9fend la croyance qu\u2019ensemble nous pouvons \u0153uvrer \u00e0 une soci\u00e9t\u00e9 inclusive, et une justice sociale.<\/span><\/p>\n<p><span style=\"font-weight: 400;\">D\u00e8s l&rsquo;\u00e9laboration de ce projet, est apparue l\u2019\u00e9vidence d&rsquo;avoir une proposition transportable au sein m\u00eame des lieux d\u00e9di\u00e9s \u00e0 l&rsquo;\u00e9ducation, au plus proche des enfants, du personnel enseignant et accompagnant. Nous pensons en effet que l\u2019\u00e9troite collaboration avec l\u2019\u00e9quipe p\u00e9dagogique est le meilleur des partenariats possibles, de par notre compl\u00e9mentarit\u00e9 : afin de d\u00e9velopper notre proposition artistique, nous nous appuyons sur la communaut\u00e9 \u00e9ducative qui a la connaissance des enfants, du territoire, des enjeux qui se jouent au sein de l&rsquo;\u00e9tablissement scolaire, du quartier. Les \u00e9coles, coll\u00e8ges et m\u00e9diath\u00e8ques, formidables lieux d\u2019apprentissage o\u00f9 l&rsquo;enfant s\u2019\u00e9l\u00e8ve au contact de ses pairs et ses enseignants, sont aussi des endroits o\u00f9 l\u2019artiste a sa place: parce-qu\u2019il s\u00e8me une graine \u00e0 un \u00e2ge encore jeune, et participe \u00e0 l\u2019\u00e9ducation de nos futurs citoyens.<\/span><\/p>\n<p><span style=\"font-weight: 400;\">La pr\u00e9sence des artistes dans ces lieux est un moyen d\u2019attiser la curiosit\u00e9 des plus jeunes, de leur permettre de se poser des questions qui ne sont pas toujours abord\u00e9es dans le cadre scolaire habituel. Ils, elles peuvent voir les artistes au travail, tandis que les artistes se nourrissent des r\u00e9flexions et r\u00e9actions des enfants. <em>Ce que tu vois\u2026<\/em> est adaptable \u00e0 la sc\u00e8ne et au in situ. Dans la version in situ, les deux danseuses \u00e9voluent dans l\u2019espace sc\u00e9nique, puis les enfants sont invit\u00e9s \u00e0 participer aux propositions des danseuses, retrouvant des \u00e9l\u00e9ments abord\u00e9s lors des ateliers chor\u00e9graphiques\u2026d\u00e9j\u00e0 une exp\u00e9rience de l\u2019inclusivit\u00e9!<\/span><\/p>\t\t\t\t\t\t\t\t<\/div>\n\t\t\t\t<\/div>\n\t\t\t\t<div class=\"elementor-element elementor-element-7bb4f22 elementor-widget elementor-widget-text-editor\" data-id=\"7bb4f22\" data-element_type=\"widget\" data-e-type=\"widget\" data-widget_type=\"text-editor.default\">\n\t\t\t\t<div class=\"elementor-widget-container\">\n\t\t\t\t\t\t\t\t\t<h5><strong>Des ateliers de sensibilisation<\/strong><\/h5>\n<p><span style=\"font-weight: 400;\">En lien avec les th\u00e8mes de <\/span><i><span style=\"font-weight: 400;\">Ce que tu vois\u2026<\/span><\/i><span style=\"font-weight: 400;\">\u00a0la Cie Fr\u00f8nti\u00e8res propose des ateliers men\u00e9s par les danseuses, dans les \u00e9tablissements scolaires, biblioth\u00e8ques ou m\u00e9diath\u00e8ques, \u00e9tablissements de sant\u00e9, maisons de retraites. Ces ateliers pourront se d\u00e9rouler en amont du spectacle ou apr\u00e8s : ils se feront par groupe, pour une dur\u00e9e de 1h\/atelier.<\/span><\/p>\n<p><span style=\"font-weight: 400;\">A travers des propositions ludiques, les danseuses inviteront les participant.es \u00e0 explorer les sens, la motricit\u00e9 comme moyen d\u2019expression, mais aussi \u00e0 observer les autres dans leurs improvisations. Ces consignes sous forme de jeux dans\u00e9s nous permettent aussi de vivre la contrainte autour de nos capacit\u00e9s, afin de sensibiliser \u00e0 toute forme de handicap et permettre de conscientiser, par l\u2019exp\u00e9rience, les difficult\u00e9s parfois imperceptibles de l\u2019ext\u00e9rieur.\u00a0<\/span><\/p>\n<p><span style=\"font-weight: 400;\">Nous souhaitons aussi qu\u2019\u00e0 travers ces ateliers, chacun puisse trouver sa place de mani\u00e8re \u00e9quitable et se sentir en situation de r\u00e9ussite, quels que soient ses besoins. Cela passe par une possibilit\u00e9 d\u2019acc\u00e8s aux propositions en fonction des moyens de chacun.e.<\/span><\/p>\n<p><strong>Une rencontre avec une personne porteuse de handicap visible ou invisible\u00a0 accompagn\u00e9e de son chien d\u2019assistance ou chien guide.<\/strong><\/p>\n<p><span style=\"font-weight: 400;\">Gr\u00e2ce au partenariat avec l\u2019Association Cyno-Sens les participant.es pourront alors \u00e9changer lors de cette rencontre, dans un aller retour questions\/t\u00e9moignages et lever le voile sur toutes leurs interrogations, mettre en mot ce qu\u2019ils vivent parfois dans leur quotidien, ressentent, sans forc\u00e9ment avoir de r\u00e9ponse. Lever les tabous, interroger la question de l\u2019accompagnement, d\u00e9passer les id\u00e9es re\u00e7ues.<\/span><\/p>\n<p>Exprimer sa singularit\u00e9 pour un meilleur vivre ensemble.<\/p>\t\t\t\t\t\t\t\t<\/div>\n\t\t\t\t<\/div>\n\t\t\t\t\t<\/div>\n\t\t\t\t<\/div>\n\t\t<div class=\"elementor-element elementor-element-91f4f0e e-flex e-con-boxed e-con e-parent\" data-id=\"91f4f0e\" data-element_type=\"container\" data-e-type=\"container\">\n\t\t\t\t\t<div class=\"e-con-inner\">\n\t\t<div class=\"elementor-element elementor-element-594ccda e-con-full e-flex e-con e-child\" data-id=\"594ccda\" data-element_type=\"container\" data-e-type=\"container\">\n\t\t\t\t<div class=\"elementor-element elementor-element-73b5e78 elementor-widget elementor-widget-text-editor\" data-id=\"73b5e78\" data-element_type=\"widget\" data-e-type=\"widget\" data-widget_type=\"text-editor.default\">\n\t\t\t\t<div class=\"elementor-widget-container\">\n\t\t\t\t\t\t\t\t\t<h4>Le projet prendra forme soit dans une salle de spectacle, soit dans un espace type salle de motricit\u00e9 ou autre salle couverte et int\u00e9rieure : id\u00e9alement, un minimum de 60m\u00b2 pouvant accueillir un groupe lors des ateliers (environ 30 enfants ou 20 adultes) et des spectateurs lors des repr\u00e9sentations.<br \/>La compagnie est autonome dans la plupart de ses besoins techniques, afin de rendre possible le projet dans un maximum d\u2019espaces. Toutefois le lieu devra fournir:<br \/>Du mat\u00e9riel de m\u00e9nage (balai, seau et serpilli\u00e8re) car nous partageons l\u2019 espace avec ses usagers et leurs chaussures, et nous aimons nous rouler par terre!<br \/>Une petite table, une prise, une multiprise et une rallonge pour brancher nos appareils de son et ordinateur.<br \/>Un syst\u00e8me de diffusion du son adapt\u00e9 \u00e0 l\u2019espace choisi.<br \/>Un espace pour pouvoir d\u00e9jeuner surplace ou r\u00e9chauffer un repas.<br \/>Un point d\u2019eau et acc\u00e8s \u00e0 l\u2019ext\u00e9rieur en autonomie pour le chien d\u2019assistance.<br \/>Dur\u00e9e de r\u00e9sidence pr\u00e9vue : 20 jours r\u00e9partis sur diff\u00e9rentes structures, de l\u2019agglom\u00e9ration grenobloise.<\/h4>\t\t\t\t\t\t\t\t<\/div>\n\t\t\t\t<\/div>\n\t\t\t\t<\/div>\n\t\t\t\t<div class=\"elementor-element elementor-element-2576993 elementor-widget elementor-widget-image\" data-id=\"2576993\" data-element_type=\"widget\" data-e-type=\"widget\" data-widget_type=\"image.default\">\n\t\t\t\t<div class=\"elementor-widget-container\">\n\t\t\t\t\t\t\t\t\t\t\t\t\t\t\t<img decoding=\"async\" width=\"1200\" height=\"482\" src=\"https:\/\/compagniefrontieres.fr\/wp-content\/uploads\/2025\/02\/enfantsfauteuils.jpeg\" class=\"attachment-full size-full wp-image-884\" alt=\"\" srcset=\"https:\/\/compagniefrontieres.fr\/wp-content\/uploads\/2025\/02\/enfantsfauteuils.jpeg 1200w, https:\/\/compagniefrontieres.fr\/wp-content\/uploads\/2025\/02\/enfantsfauteuils-300x121.jpeg 300w, https:\/\/compagniefrontieres.fr\/wp-content\/uploads\/2025\/02\/enfantsfauteuils-1024x411.jpeg 1024w, https:\/\/compagniefrontieres.fr\/wp-content\/uploads\/2025\/02\/enfantsfauteuils-768x308.jpeg 768w\" sizes=\"(max-width: 1200px) 100vw, 1200px\" \/>\t\t\t\t\t\t\t\t\t\t\t\t\t\t\t<\/div>\n\t\t\t\t<\/div>\n\t\t<div class=\"elementor-element elementor-element-df96548 e-con-full e-flex e-con e-child\" data-id=\"df96548\" data-element_type=\"container\" data-e-type=\"container\">\n\t\t\t\t<div class=\"elementor-element elementor-element-e3250f9 elementor-widget elementor-widget-heading\" data-id=\"e3250f9\" data-element_type=\"widget\" data-e-type=\"widget\" data-widget_type=\"heading.default\">\n\t\t\t\t<div class=\"elementor-widget-container\">\n\t\t\t\t\t<h1 class=\"elementor-heading-title elementor-size-default\">Calendrier de cr\u00e9ation<\/h1>\t\t\t\t<\/div>\n\t\t\t\t<\/div>\n\t\t<div class=\"elementor-element elementor-element-258db64 e-con-full e-flex e-con e-child\" data-id=\"258db64\" data-element_type=\"container\" data-e-type=\"container\">\n\t\t\t\t<div class=\"elementor-element elementor-element-a7da3bb elementor-widget elementor-widget-text-editor\" data-id=\"a7da3bb\" data-element_type=\"widget\" data-e-type=\"widget\" data-widget_type=\"text-editor.default\">\n\t\t\t\t<div class=\"elementor-widget-container\">\n\t\t\t\t\t\t\t\t\t<p>\u00a0<\/p>\n<h4><strong>Avril \u00e0 juin 2025 :<\/strong><\/h4>\n<h4>M\u00e9diation \u00e9cole Anatole France, Grenoble, dans le cadre de l\u2019appel \u00e0 projet Place aux enfants. Sensibilisation au handicap, ateliers et cr\u00e9ation d\u2019un spectacle chor\u00e9graphique restitu\u00e9 sur la place des Moza\u00efques.<\/h4>\n<h4>\u00a0<\/h4>\n<h4><strong>Novembre \u00e0 d\u00e9cembre 2025 :<\/strong><\/h4>\n<h4>M\u00e9diation au Coll\u00e8ge Simone de Beauvoir et \u00e9cole \u00e9l\u00e9mentaire Belledonne, Crolles, dans le cadre du PLEAC et dispositif Is\u00e8re coll\u00e9giens. Sensibilisation au handicap, ateliers et cr\u00e9ation d\u2019un spectacle chor\u00e9graphique restitu\u00e9 \u00e0 l\u2019Espace Paul Jargot le 26 f\u00e9vrier 2026. Classe m\u00e9dia accompagn\u00e9e par radio Gr\u00e9sivaudan.<\/h4>\n<h4>\u00a0<\/h4>\n<h4><strong>20 et 21 novembre 2025 :<\/strong><\/h4>\n<h4>Interventions Biblioth\u00e8que Gis\u00e8le Halimi, Grenoble, lors du mois de l\u2019accessibilit\u00e9. Sensibilisation, atelier familles et balade chor\u00e9graphique.<\/h4>\n<h4>\u00a0<\/h4>\n<h4><strong>23 au 27 f\u00e9vrier 2026 :<\/strong><\/h4>\n<h4>Premi\u00e8re r\u00e9sidence de cr\u00e9ation \u00e0 l\u2019Espace Paul Jargot, sc\u00e8ne ressource en Is\u00e8re.<\/h4>\n<h4>\u00a0<\/h4>\n<h4><strong>26 f\u00e9vrier 2026 :<\/strong><\/h4>\n<h4>Ouverture de la r\u00e9sidence aux \u00e9l\u00e8ves ayant particp\u00e9 au projet et resitution au plateau de leur composition.<\/h4>\n<h4>\u00a0<\/h4>\n<h4><strong>27 f\u00e9vrier 2026 :<\/strong><\/h4>\n<h4>Sortie de r\u00e9sidence ouverte aux professionnels.<\/h4>\n<h4>\u00a0<\/h4>\n<h4><strong>Mars \u00e0 juin 2026 :<\/strong><\/h4>\n<h4>M\u00e9diation \u00e9cole Amp\u00e8re, Grenoble, dans le cadre de l\u2019appel \u00e0 projet Place aux enfants. Sensibilisation au handicap, ateliers et cr\u00e9ation d\u2019un spectacle chor\u00e9graphique transg\u00e9n\u00e9rationnel restitu\u00e9 sur la place aux enfants rue du Drac en juin 2026.<\/h4>\n<h4>\u00a0<\/h4>\n<h4><strong>Mai 2026 :<\/strong><\/h4>\n<h4>Ateliers de rencontre-cr\u00e9ation entre les r\u00e9sidents des Maisons de Crolles et les coll\u00e9giens de Simone de Beauvoir, dans le cadre du dispositif \u00ab\u00a0Un coll\u00e8ge\/un EHPAD\u00a0\u00bb.<\/h4>\n<h4>\u00a0<\/h4>\n<h4><strong>6 Juin 2026 :<\/strong><\/h4>\n<h4>Interventions Biblioth\u00e8que Gis\u00e8le Halimi, Grenoble : 2e volet des interventions dans le cadre du mois de l\u2019accessibilit\u00e9. Atelier famille et balade chor\u00e9graphique.<\/h4>\n<h4>\u00a0<\/h4>\n<h4><strong>D\u00e9cembre 2026 \u00e0 avril 2027 :<\/strong><\/h4>\n<h4>4 semaines de r\u00e9sidences de cr\u00e9ation :<br \/>Th\u00e9\u00e2tre municipal de Grenoble : dates \u00e0 pr\u00e9ciser.<br \/>L\u2019Odyss\u00e9e l\u2019Autre rive, Eybens du 19 au 23 avril 2027.<br \/>Le Cairn Lans en Vercors : en cours de discussion.<\/h4>\n<h4>\u00a0<\/h4>\n<h4><strong>Fin avril 2027 :<\/strong><\/h4>\n<h4>Premi\u00e8re \u00e0 L\u2019Odyss\u00e9e l\u2019Autre rive, Eybens (3 repr\u00e9sentations, dates \u00e0 pr\u00e9ciser).<\/h4>\t\t\t\t\t\t\t\t<\/div>\n\t\t\t\t<\/div>\n\t\t\t\t<\/div>\n\t\t\t\t<\/div>\n\t\t\t\t\t<\/div>\n\t\t\t\t<\/div>\n\t\t<div class=\"elementor-element elementor-element-8cb9da1 e-flex e-con-boxed e-con e-parent\" data-id=\"8cb9da1\" data-element_type=\"container\" data-e-type=\"container\">\n\t\t\t\t\t<div class=\"e-con-inner\">\n\t\t\t\t<div class=\"elementor-element elementor-element-0eff134 elementor-widget elementor-widget-heading\" data-id=\"0eff134\" data-element_type=\"widget\" data-e-type=\"widget\" data-widget_type=\"heading.default\">\n\t\t\t\t<div class=\"elementor-widget-container\">\n\t\t\t\t\t<h1 class=\"elementor-heading-title elementor-size-default\">Ce que tu vois... Le Podcast!<\/h1>\t\t\t\t<\/div>\n\t\t\t\t<\/div>\n\t\t<div class=\"elementor-element elementor-element-8feb5fe e-con-full e-flex e-con e-child\" data-id=\"8feb5fe\" data-element_type=\"container\" data-e-type=\"container\">\n\t\t<div class=\"elementor-element elementor-element-e0e50fa e-con-full e-flex e-con e-child\" data-id=\"e0e50fa\" data-element_type=\"container\" data-e-type=\"container\">\n\t\t\t\t<div class=\"elementor-element elementor-element-79aa5d7 elementor-widget elementor-widget-text-editor\" data-id=\"79aa5d7\" data-element_type=\"widget\" data-e-type=\"widget\" data-widget_type=\"text-editor.default\">\n\t\t\t\t<div class=\"elementor-widget-container\">\n\t\t\t\t\t\t\t\t\t<h4>Dans le cadre du projet Ce que tu vois&#8230; au coll\u00e8ge Simone de Beauvoir \u00e0 Crolles, Radio Gr\u00e9sivaudan s&rsquo;est associ\u00e9 \u00e0 la comagnie fr\u009d\u00f8nti\u00e8res pour r\u00e9aliser 2 podcasts r\u00e9alis\u00e9s par Fran\u00e7ois Poret que vous pouvez retrouver sur le site de la radio.<\/h4>\t\t\t\t\t\t\t\t<\/div>\n\t\t\t\t<\/div>\n\t\t\t\t<\/div>\n\t\t<div class=\"elementor-element elementor-element-2b41385 e-con-full e-flex e-con e-child\" data-id=\"2b41385\" data-element_type=\"container\" data-e-type=\"container\">\n\t\t<div class=\"elementor-element elementor-element-f249df7 e-grid e-con-full e-con e-child\" data-id=\"f249df7\" data-element_type=\"container\" data-e-type=\"container\">\n\t\t\t\t<div class=\"elementor-element elementor-element-d16366d elementor-widget elementor-widget-text-editor\" data-id=\"d16366d\" data-element_type=\"widget\" data-e-type=\"widget\" data-widget_type=\"text-editor.default\">\n\t\t\t\t<div class=\"elementor-widget-container\">\n\t\t\t\t\t\t\t\t\t<h3 class=\"wp-block-heading\">Remerciements<\/h3>\n<ul class=\"wp-block-list\">\n<li><strong>L\u2019\u00e9quipe p\u00e9dagogique<\/strong> : Anne-Flore Houppin, r\u00e9f\u00e9rente culture et enseignante de lettres, coordinatrice du projet \u201cCe que tu vois\u201d. Pour le cycle danse : Lo\u00efc Dursapp et Sophie Grangeat<\/li>\n<li><strong>Coanimation des atelier p\u00e9dagogique et radiophonique<\/strong> : Blandine Meiller, professeur documentaliste et Nathalie Berthillot, conseill\u00e8re principale d\u2019\u00e9ducation. <strong>Pour Radio Gr\u00e9sivaudan<\/strong> : Isma\u00ebl Abu Baker et Fran\u00e7ois Poret<\/li>\n<li>Les \u00e9l\u00e8ves des 2 classes de 6e et ceux de la classe m\u00e9dia de 4e<\/li>\n<li>Les \u00e9l\u00e8ves des 2 classes de CM2 de l\u2019\u00e9cole Belledonne (Crolles)<\/li>\n<li>Les habitantes et habitants des <strong><a href=\"https:\/\/www.amadiem.fr\/les-maisons\/\" data-pjax-state=\"\">maisons de Crolles, association AMA DIEM<\/a><\/strong><\/li>\n<li>\u00c0 l\u2019ensemble des accompagnants des maisons de Crolles<\/li>\n<li><strong>Pour <a href=\"https:\/\/compagniefrontieres.fr\/\" data-pjax-state=\"\">la compagnie \u201cFronti\u00e8res\u201d<\/a><\/strong> : Lilou Niang et Agn\u00e8s Canova, chor\u00e9graphes et danseuses et Julien Soulatre, r\u00e9gisseur<\/li>\n<li><strong><a href=\"https:\/\/espacepauljargot.crolles.fr\/\" data-pjax-state=\"\">L\u2019espace Paul Jargot<\/a><\/strong>, partenaire du projet<\/li>\n<li><a href=\"https:\/\/www.isere.fr\/\" data-pjax-state=\"\"><strong>Le d\u00e9partement de l\u2019Is\u00e8re<\/strong><\/a> pour son soutien financier dans les projets \u201c1 coll\u00e8ge 1 Ehpad\u201d<\/li>\n<\/ul>\t\t\t\t\t\t\t\t<\/div>\n\t\t\t\t<\/div>\n\t\t\t\t<\/div>\n\t\t\t\t<\/div>\n\t\t<div class=\"elementor-element elementor-element-1b160b5 e-grid e-con-full e-con e-child\" data-id=\"1b160b5\" data-element_type=\"container\" data-e-type=\"container\">\n\t\t\t\t<div class=\"elementor-element elementor-element-6fa5979 elementor-widget elementor-widget-image\" data-id=\"6fa5979\" data-element_type=\"widget\" data-e-type=\"widget\" data-widget_type=\"image.default\">\n\t\t\t\t<div class=\"elementor-widget-container\">\n\t\t\t\t\t\t\t\t\t\t\t\t\t\t\t<img loading=\"lazy\" decoding=\"async\" width=\"800\" height=\"427\" src=\"https:\/\/compagniefrontieres.fr\/wp-content\/uploads\/2024\/01\/LOGO_CIEFRONTIERES_TRANSPARENT1-1024x546.png\" class=\"attachment-large size-large wp-image-24\" alt=\"\" srcset=\"https:\/\/compagniefrontieres.fr\/wp-content\/uploads\/2024\/01\/LOGO_CIEFRONTIERES_TRANSPARENT1-1024x546.png 1024w, https:\/\/compagniefrontieres.fr\/wp-content\/uploads\/2024\/01\/LOGO_CIEFRONTIERES_TRANSPARENT1-300x160.png 300w, https:\/\/compagniefrontieres.fr\/wp-content\/uploads\/2024\/01\/LOGO_CIEFRONTIERES_TRANSPARENT1-768x410.png 768w, https:\/\/compagniefrontieres.fr\/wp-content\/uploads\/2024\/01\/LOGO_CIEFRONTIERES_TRANSPARENT1-1536x819.png 1536w, https:\/\/compagniefrontieres.fr\/wp-content\/uploads\/2024\/01\/LOGO_CIEFRONTIERES_TRANSPARENT1-2048x1092.png 2048w\" sizes=\"(max-width: 800px) 100vw, 800px\" \/>\t\t\t\t\t\t\t\t\t\t\t\t\t\t\t<\/div>\n\t\t\t\t<\/div>\n\t\t\t\t<div class=\"elementor-element elementor-element-8f0e2c2 elementor-widget elementor-widget-image\" data-id=\"8f0e2c2\" data-element_type=\"widget\" data-e-type=\"widget\" data-widget_type=\"image.default\">\n\t\t\t\t<div class=\"elementor-widget-container\">\n\t\t\t\t\t\t\t\t\t\t\t\t\t\t\t<img loading=\"lazy\" decoding=\"async\" width=\"800\" height=\"457\" src=\"https:\/\/compagniefrontieres.fr\/wp-content\/uploads\/2025\/12\/isere_logo_contour1.png\" class=\"attachment-large size-large wp-image-1417\" alt=\"\" srcset=\"https:\/\/compagniefrontieres.fr\/wp-content\/uploads\/2025\/12\/isere_logo_contour1.png 990w, https:\/\/compagniefrontieres.fr\/wp-content\/uploads\/2025\/12\/isere_logo_contour1-300x171.png 300w, https:\/\/compagniefrontieres.fr\/wp-content\/uploads\/2025\/12\/isere_logo_contour1-768x438.png 768w\" sizes=\"(max-width: 800px) 100vw, 800px\" \/>\t\t\t\t\t\t\t\t\t\t\t\t\t\t\t<\/div>\n\t\t\t\t<\/div>\n\t\t\t\t<div class=\"elementor-element elementor-element-aa19b12 elementor-widget elementor-widget-image\" data-id=\"aa19b12\" data-element_type=\"widget\" data-e-type=\"widget\" data-widget_type=\"image.default\">\n\t\t\t\t<div class=\"elementor-widget-container\">\n\t\t\t\t\t\t\t\t\t\t\t\t\t\t\t<img loading=\"lazy\" decoding=\"async\" width=\"800\" height=\"800\" src=\"https:\/\/compagniefrontieres.fr\/wp-content\/uploads\/2026\/06\/logo-amadiem.png\" class=\"attachment-large size-large wp-image-1690\" alt=\"\" srcset=\"https:\/\/compagniefrontieres.fr\/wp-content\/uploads\/2026\/06\/logo-amadiem.png 800w, https:\/\/compagniefrontieres.fr\/wp-content\/uploads\/2026\/06\/logo-amadiem-300x300.png 300w, https:\/\/compagniefrontieres.fr\/wp-content\/uploads\/2026\/06\/logo-amadiem-150x150.png 150w, https:\/\/compagniefrontieres.fr\/wp-content\/uploads\/2026\/06\/logo-amadiem-768x768.png 768w\" sizes=\"(max-width: 800px) 100vw, 800px\" \/>\t\t\t\t\t\t\t\t\t\t\t\t\t\t\t<\/div>\n\t\t\t\t<\/div>\n\t\t\t\t<div class=\"elementor-element elementor-element-3e0304f elementor-widget elementor-widget-image\" data-id=\"3e0304f\" data-element_type=\"widget\" data-e-type=\"widget\" data-widget_type=\"image.default\">\n\t\t\t\t<div class=\"elementor-widget-container\">\n\t\t\t\t\t\t\t\t\t\t\t\t\t\t\t<img loading=\"lazy\" decoding=\"async\" width=\"500\" height=\"250\" src=\"https:\/\/compagniefrontieres.fr\/wp-content\/uploads\/2026\/06\/logo-radio-gresivaudan.png\" class=\"attachment-large size-large wp-image-1691\" alt=\"\" srcset=\"https:\/\/compagniefrontieres.fr\/wp-content\/uploads\/2026\/06\/logo-radio-gresivaudan.png 500w, https:\/\/compagniefrontieres.fr\/wp-content\/uploads\/2026\/06\/logo-radio-gresivaudan-300x150.png 300w\" sizes=\"(max-width: 500px) 100vw, 500px\" \/>\t\t\t\t\t\t\t\t\t\t\t\t\t\t\t<\/div>\n\t\t\t\t<\/div>\n\t\t\t\t<\/div>\n\t\t\t\t<div class=\"elementor-element elementor-element-1777030 elementor-widget elementor-widget-heading\" data-id=\"1777030\" data-element_type=\"widget\" data-e-type=\"widget\" data-widget_type=\"heading.default\">\n\t\t\t\t<div class=\"elementor-widget-container\">\n\t\t\t\t\t<h5 class=\"elementor-heading-title elementor-size-default\">L\u2019histoire commence quand les corps se mettent \u00e0 danser et que les diff\u00e9rences parfois cach\u00e9es laissent place \u00e0 une rencontre simplement humaine.\n\n\u201cCe que tu vois\u201d, c\u2019est \u00e0 la fois la rencontre, par la danse, de coll\u00e9giens et d\u2019\u00e9coliers avec la diff\u00e9rence, le handicap invisible puis celle entre les habitants \u00ab Des Maisons de Crolles \u00bb et les coll\u00e9giens du coll\u00e8ge Simone de Beauvoir (Crolles).\nLes Maisons de Crolles : lieu accueillant des personnes jeunes touch\u00e9es par la maladie d\u2019Alzheimer (association AMA Diem).\nUn projet interdisciplinaire impliquant 2 classes de 6e, 15 \u00e9l\u00e8ves de 4e et 2 classes de CM2 de l\u2019\u00e9cole Belledonne \u00e0 Crolles.\n\nLe podcast \u201cCe que tu vois\u201d est r\u00e9alis\u00e9 par la classe m\u00e9dia (\u00e9l\u00e8ves de 4e)<\/h5>\t\t\t\t<\/div>\n\t\t\t\t<\/div>\n\t\t<div class=\"elementor-element elementor-element-eba9ebb e-con-full e-grid e-con e-child\" data-id=\"eba9ebb\" data-element_type=\"container\" data-e-type=\"container\">\n\t\t\t\t<div class=\"elementor-element elementor-element-f1e5d05 elementor-widget elementor-widget-text-editor\" data-id=\"f1e5d05\" data-element_type=\"widget\" data-e-type=\"widget\" data-widget_type=\"text-editor.default\">\n\t\t\t\t<div class=\"elementor-widget-container\">\n\t\t\t\t\t\t\t\t\t<p><strong>\u00c9pisode 1 : Le mouvement<\/strong><br \/>Coll\u00e9giens et \u00e9coliers exp\u00e9rimentent le mouvement et l\u2019\u00e9coute du corps. <a href=\"https:\/\/compagniefrontieres.fr\/\" data-pjax-state=\"\">La compagnie Fronti\u00e8res<\/a> accompagne les \u00e9l\u00e8ves dans la rencontre avec la diff\u00e9rence et apprend \u00e0 percevoir ce qui ne se voit pas toujours.<\/p>\t\t\t\t\t\t\t\t<\/div>\n\t\t\t\t<\/div>\n\t\t\t\t<div class=\"elementor-element elementor-element-f59e987 elementor-widget elementor-widget-text-editor\" data-id=\"f59e987\" data-element_type=\"widget\" data-e-type=\"widget\" data-widget_type=\"text-editor.default\">\n\t\t\t\t<div class=\"elementor-widget-container\">\n\t\t\t\t\t\t\t\t\t<p><strong>\u00c9pisode 2<\/strong> <strong>: coll\u00e9giens et Maisons de Crolles en mouvement <\/strong><br \/>La rencontre entre les coll\u00e9giens et les habitantes et habitants \u00ab <a href=\"https:\/\/www.amadiem.fr\/les-maisons\/\" data-pjax-state=\"\">Des maisons de Crolles<\/a>, association AMA Diem \u00bb par la danse avec <a href=\"https:\/\/compagniefrontieres.fr\/\" data-pjax-state=\"\">la compagnie Fronti\u00e8res<\/a><\/p>\t\t\t\t\t\t\t\t<\/div>\n\t\t\t\t<\/div>\n\t\t\t\t<div class=\"elementor-element elementor-element-dd4137a elementor-align-center elementor-widget elementor-widget-button\" data-id=\"dd4137a\" data-element_type=\"widget\" data-e-type=\"widget\" data-widget_type=\"button.default\">\n\t\t\t\t<div class=\"elementor-widget-container\">\n\t\t\t\t\t\t\t\t\t<div class=\"elementor-button-wrapper\">\n\t\t\t\t\t<a class=\"elementor-button elementor-button-link elementor-size-sm\" href=\"https:\/\/www.radio-gresivaudan.org\/archive_sonore\/ce-que-tu-vois-podcast\/\" id=\"Radio Gr\u00e9sivaudan\">\n\t\t\t\t\t\t<span class=\"elementor-button-content-wrapper\">\n\t\t\t\t\t\t\t\t\t<span class=\"elementor-button-text\">Ce que tu vois... \u00e9pisode 1<\/span>\n\t\t\t\t\t<\/span>\n\t\t\t\t\t<\/a>\n\t\t\t\t<\/div>\n\t\t\t\t\t\t\t\t<\/div>\n\t\t\t\t<\/div>\n\t\t\t\t<div class=\"elementor-element elementor-element-4b4e25c elementor-align-center elementor-widget elementor-widget-button\" data-id=\"4b4e25c\" data-element_type=\"widget\" data-e-type=\"widget\" data-widget_type=\"button.default\">\n\t\t\t\t<div class=\"elementor-widget-container\">\n\t\t\t\t\t\t\t\t\t<div class=\"elementor-button-wrapper\">\n\t\t\t\t\t<a class=\"elementor-button elementor-button-link elementor-size-sm\" href=\"https:\/\/www.radio-gresivaudan.org\/archive_sonore\/ce-que-tu-vois-podcast\/\" id=\"Radio Gr\u00e9sivaudan\">\n\t\t\t\t\t\t<span class=\"elementor-button-content-wrapper\">\n\t\t\t\t\t\t\t\t\t<span class=\"elementor-button-text\">Ce que tu vois... \u00e9pisode 2<\/span>\n\t\t\t\t\t<\/span>\n\t\t\t\t\t<\/a>\n\t\t\t\t<\/div>\n\t\t\t\t\t\t\t\t<\/div>\n\t\t\t\t<\/div>\n\t\t\t\t<\/div>\n\t\t\t\t<\/div>\n\t\t\t\t\t<\/div>\n\t\t\t\t<\/div>\n\t\t\t\t<\/div>\n\t\t","protected":false},"excerpt":{"rendered":"<p>T\u00e9l\u00e9chargez le dossier complet \u00a0 \u00a0 La compagnie Fr\u00f8nti\u00e8res propose Un spectacle tout public, jou\u00e9 sur sc\u00e8ne ou dans les lieux non d\u00e9di\u00e9s. 2 danseuses, dur\u00e9e 45mn en version sc\u00e8ne, 30mn en version in situ. Des ateliers de sensibilisation autour du spectacle Une rencontre avec une personne en situation de handicap et son chien d&rsquo;assistance [&hellip;]<\/p>\n","protected":false},"author":2,"featured_media":0,"parent":0,"menu_order":0,"comment_status":"closed","ping_status":"closed","template":"","meta":{"footnotes":""},"class_list":["post-384","page","type-page","status-publish","hentry"],"_links":{"self":[{"href":"https:\/\/compagniefrontieres.fr\/index.php?rest_route=\/wp\/v2\/pages\/384","targetHints":{"allow":["GET"]}}],"collection":[{"href":"https:\/\/compagniefrontieres.fr\/index.php?rest_route=\/wp\/v2\/pages"}],"about":[{"href":"https:\/\/compagniefrontieres.fr\/index.php?rest_route=\/wp\/v2\/types\/page"}],"author":[{"embeddable":true,"href":"https:\/\/compagniefrontieres.fr\/index.php?rest_route=\/wp\/v2\/users\/2"}],"replies":[{"embeddable":true,"href":"https:\/\/compagniefrontieres.fr\/index.php?rest_route=%2Fwp%2Fv2%2Fcomments&post=384"}],"version-history":[{"count":192,"href":"https:\/\/compagniefrontieres.fr\/index.php?rest_route=\/wp\/v2\/pages\/384\/revisions"}],"predecessor-version":[{"id":1700,"href":"https:\/\/compagniefrontieres.fr\/index.php?rest_route=\/wp\/v2\/pages\/384\/revisions\/1700"}],"wp:attachment":[{"href":"https:\/\/compagniefrontieres.fr\/index.php?rest_route=%2Fwp%2Fv2%2Fmedia&parent=384"}],"curies":[{"name":"wp","href":"https:\/\/api.w.org\/{rel}","templated":true}]}}