{"id":1702,"date":"2026-06-12T15:09:39","date_gmt":"2026-06-12T15:09:39","guid":{"rendered":"https:\/\/compagniefrontieres.fr\/?page_id=1702"},"modified":"2026-06-13T19:45:57","modified_gmt":"2026-06-13T19:45:57","slug":"elementor-page-1702","status":"publish","type":"page","link":"https:\/\/compagniefrontieres.fr\/?page_id=1702","title":{"rendered":"Ce que tu vois! Les m\u00e9diations&#8230;"},"content":{"rendered":"\t\t<div data-elementor-type=\"wp-page\" data-elementor-id=\"1702\" class=\"elementor elementor-1702\" data-elementor-post-type=\"page\">\n\t\t\t\t<div class=\"elementor-element elementor-element-9a553b5 e-flex e-con-boxed e-con e-parent\" data-id=\"9a553b5\" data-element_type=\"container\" data-e-type=\"container\">\n\t\t\t\t\t<div class=\"e-con-inner\">\n\t\t\t\t<div class=\"elementor-element elementor-element-65e2a48 elementor-widget elementor-widget-heading\" data-id=\"65e2a48\" data-element_type=\"widget\" data-e-type=\"widget\" data-widget_type=\"heading.default\">\n\t\t\t\t<div class=\"elementor-widget-container\">\n\t\t\t\t\t<h2 class=\"elementor-heading-title elementor-size-default\">Ecole Amp\u00e8re 1er semestre 2026<\/h2>\t\t\t\t<\/div>\n\t\t\t\t<\/div>\n\t\t<div class=\"elementor-element elementor-element-831be37 e-grid e-con-full e-con e-child\" data-id=\"831be37\" data-element_type=\"container\" data-e-type=\"container\">\n\t\t\t\t<div class=\"elementor-element elementor-element-f37edec elementor-widget elementor-widget-text-editor\" data-id=\"f37edec\" data-element_type=\"widget\" data-e-type=\"widget\" data-widget_type=\"text-editor.default\">\n\t\t\t\t<div class=\"elementor-widget-container\">\n\t\t\t\t\t\t\t\t\t<h2>\u00ab\u00a0Ce que tu vois&#8230; Le Podcast\u00a0\u00bb.<\/h2><h2>Episode 1: Ecole Amp\u00e8re.<\/h2>\t\t\t\t\t\t\t\t<\/div>\n\t\t\t\t<\/div>\n\t\t\t\t<div class=\"elementor-element elementor-element-92727e2 elementor-widget elementor-widget-image\" data-id=\"92727e2\" data-element_type=\"widget\" data-e-type=\"widget\" data-widget_type=\"image.default\">\n\t\t\t\t<div class=\"elementor-widget-container\">\n\t\t\t\t\t\t\t\t\t\t\t\t\t\t\t<img fetchpriority=\"high\" decoding=\"async\" width=\"1440\" height=\"1080\" src=\"https:\/\/compagniefrontieres.fr\/wp-content\/uploads\/2026\/06\/classe-media-ampere.png\" class=\"attachment-full size-full wp-image-1709\" alt=\"\" srcset=\"https:\/\/compagniefrontieres.fr\/wp-content\/uploads\/2026\/06\/classe-media-ampere.png 1440w, https:\/\/compagniefrontieres.fr\/wp-content\/uploads\/2026\/06\/classe-media-ampere-300x225.png 300w, https:\/\/compagniefrontieres.fr\/wp-content\/uploads\/2026\/06\/classe-media-ampere-1024x768.png 1024w, https:\/\/compagniefrontieres.fr\/wp-content\/uploads\/2026\/06\/classe-media-ampere-768x576.png 768w\" sizes=\"(max-width: 1440px) 100vw, 1440px\" \/>\t\t\t\t\t\t\t\t\t\t\t\t\t\t\t<\/div>\n\t\t\t\t<\/div>\n\t\t\t\t<\/div>\n\t\t<div class=\"elementor-element elementor-element-e678e43 e-con-full e-flex e-con e-child\" data-id=\"e678e43\" data-element_type=\"container\" data-e-type=\"container\">\n\t\t\t\t<div class=\"elementor-element elementor-element-eabcbf7 elementor-widget elementor-widget-text-editor\" data-id=\"eabcbf7\" data-element_type=\"widget\" data-e-type=\"widget\" data-widget_type=\"text-editor.default\">\n\t\t\t\t<div class=\"elementor-widget-container\">\n\t\t\t\t\t\t\t\t\t<h4>\u00ab\u00a0Ce que tu vois&#8230; le podcast\u00a0\u00bb a \u00e9t\u00e9 r\u00e9alis\u00e9 par la compagnie fr\u00f8nti\u00e8res \u00e0 la suite des ateliers de sensibilisation aux handicaps visibles et invisibles.<\/h4><h4>Merci \u00e0 la classe m\u00e9dia, les ce2 de Laurence Marie de l&rsquo;\u00e9cole Amp\u00e8re, Grenoble.<\/h4><h4>A Lilou Niang et Octave pour les temps de sensibilisation.<\/h4><h4>Merci aussi \u00e0 l&rsquo;association Cynosens, \u00e0 Lucie Lacombe et Rh\u00e9a, sa chienne d&rsquo;assistance en formation.<\/h4><h4>Prise de son, r\u00e9alisation: Julien Soulatre, assist\u00e9 de Agn\u00e8s Canova et Laurence Marie.<\/h4><h4>Composition musicale: Nicolas Soulatre.<\/h4><h4>\u00ab\u00a0Ce que tu vois&#8230;\u00a0\u00bb, un projet financ\u00e9 par la ville de Grenoble.<\/h4>\t\t\t\t\t\t\t\t<\/div>\n\t\t\t\t<\/div>\n\t\t<div class=\"elementor-element elementor-element-41cf010 e-con-full e-flex e-con e-child\" data-id=\"41cf010\" data-element_type=\"container\" data-e-type=\"container\">\n\t\t<div class=\"elementor-element elementor-element-ff61554 e-con-full e-flex e-con e-child\" data-id=\"ff61554\" data-element_type=\"container\" data-e-type=\"container\">\n\t\t\t\t<div class=\"elementor-element elementor-element-bd05790 elementor-widget elementor-widget-slide-compact-player\" data-id=\"bd05790\" data-element_type=\"widget\" data-e-type=\"widget\" data-widget_type=\"slide-compact-player.default\">\n\t\t\t\t<div class=\"elementor-widget-container\">\n\t\t\t\t\t\r\n\t\t<div class=\"swp_music_player compact-player\" id=\"mpfe_6a9b4e7c9c895\" data-autoplay=\"no\" data-playmode=\"repeat\" data-stopplaylistend=\"no\" data-stopsongend=\"no\" data-repeatmode=\"unset\" data-pfs=\"no\">\r\n\t\t\t<div class=\"swp-compact-player\">\r\n\t\t\t\t<div class=\"swp-compact-cover\">\r\n\t\t\t\t\t<div class=\"swp-compact-cover-container\"><\/div>\r\n\t\t\t\t\t<div class=\"compact-cover-overlay album_left_overlay lc_swp_overlay\"><\/div>\r\n\t\t\t\t<\/div>\r\n\r\n\t\t\t\t<div class=\"swp-compact-player-info\">\r\n\t\t\t\t\t<div class=\"compact-info-overlay album_right_overlay lc_swp_overlay\"><\/div>\r\n\t\t\t\t\t<div class=\"compact-info-content\">\r\n\t\t\t\t\t\t<div class=\"compact-info-top mpfe_clearfix\">\r\n\t\t\t\t\t\t\t<div class=\"compact-song-details\">\r\n\t\t\t\t\t\t\t\t<div class=\"current_song_name compact-song-name\"><\/div>\r\n\t\t\t\t\t\t\t\t<div class=\"current_album_name compact-album-name\"><\/div>\r\n\t\t\t\t\t\t\t<\/div>\r\n\t\t\t\t\t\t\t<div class=\"compact-play-pause\">\r\n\t\t\t\t\t\t\t\t<span class=\"compact-play-container \">\r\n\t\t\t\t\t\t\t\t\t<i class=\"fas fa-play player_play compact_play compact-playpause\"><\/i>\r\n\t\t\t\t\t\t\t\t<\/span>\r\n\t\t\t\t\t\t\t\t<span class=\"compact-pause-container\">\r\n\t\t\t\t\t\t\t\t\t<i class=\"fas fa-pause player_pause compact_pause compact-playpause display_none\"><\/i>\r\n\t\t\t\t\t\t\t\t<\/span>\r\n\t\t\t\t\t\t\t<\/div>\r\n\t\t\t\t\t\t<\/div>\r\n\r\n\t\t\t\t\t\t<div class=\"smc_player_progress_bar compact-progress-bar\">\r\n\t\t\t\t\t\t\t<div class=\"player_time_slider_base compact-player-slider-base ltr_direction\"><\/div>\r\n\t\t\t\t\t\t\t<div class=\"player_time_slider compact-player-slider\"><\/div>\r\n\t\t\t\t\t\t<\/div>\r\n\r\n\t\t\t\t\t\t<div class=\"compact-info-bottom mpfe_clearfix\">\r\n\t\t\t\t\t\t\t<div class=\"compact-timeline\">\r\n\t\t\t\t\t\t\t\t<span class=\"song_current_progress compact_current_progress\">0:00<\/span>\r\n\t\t\t\t\t\t\t\t<span class=\"player_duration_sep compact_duration_sep\">&#47;<\/span>\r\n\t\t\t\t\t\t\t\t<span class=\"song_duration compact_song_duration\">0:00<\/span>\r\n\t\t\t\t\t\t\t<\/div>\r\n\r\n\t\t\t\t\t\t\t\r\n\t\t\t\t\t\t\t<div class=\"compact-controls\">\r\n\t\t\t\t\t\t\t\t\r\n\t\t\t\t\t\t\t\t\t\t\t\t\t\t\t\t\t\t\t\t\t\t\t\t<i class=\"fas fa-step-backward mpfe-compact-bottom-player-icon\"><\/i>\r\n\t\t\t\t\t\t\t\t<i class=\"fas fa-step-forward mpfe-compact-bottom-player-icon\"><\/i>\r\n\t\t\t\t\t\t\t\t\t\t\t\t\t\t\t\t\t\t\t\t\t\t\t\t\r\n\r\n\r\n\t\t\t\t\t\t\t\t\t\t\t\t\t\t\t\t<i class=\"fas fa-list-ul mpfe-compact-list\"><\/i>\r\n\t\t\t\t\t\t\t\t\t\t\t\t\t\t\t<\/div>\r\n\t\t\t\t\t\t<\/div>\r\n\t\t\t\t\t<\/div>\r\n\t\t\t\t<\/div>\r\n\t\t\t<\/div>\r\n\r\n\t\t\t\r\n\t\t\t<div class=\"swp-compact-playlist swp-playlist-popup\">\r\n\t\t\t\t\t\t\t\t<div class=\"compact-close-playlist-container\">\r\n\t\t\t\t<\/div>\r\n\t\t\t\t\t\t\t\t<div class=\"swp-compact-playlist-inner-container swp-playlist-popup-inner\">\r\n\t\t\t\t\t<div class=\"swp-compact-playlist-inner\">\r\n\t\t\t\t\t\t\t<div class=\"swp_music_player_entry compact-player-entry mpfe_clearfix\" data-mediafile=\"https:\/\/compagniefrontieres.fr\/wp-content\/uploads\/2026\/06\/Ce-que-tu-vois-le-podcast-ep1.mp3\">\r\n\t\t\t<span class=\"swp_song_details player_entry_left compact_player_entry_left\">\r\n\t\t\t\t<span class=\"play_icon compact_player_playlist_under_play\">\r\n\t\t\t\t\t<i class=\"fas fa-play before_song compact_bs compact_bs_play\"><\/i>\r\n\t\t\t\t\t<i class=\"fas fa-pause before_song compact_bs compact_bs_pause display_none\"><\/i>\r\n\t\t\t\t<\/span>\r\n\t\t\t\t<span class=\"player_song_name transition3\" data-albumname=\"Ce que tu vois... Le podcast\">\r\n\t\t\t\t\tEpisode 1 Ecole Amp\u00e8re\t\t\t\t<\/span>\r\n\t\t\t\t\t\t\t<\/span>\r\n\r\n\t\t\t<span class=\"entry_duration mpfe_fix_lh\"><\/span>\t\t\r\n\r\n\t\t\t<span class=\"song_buy_icons compact_buy_icons transition3 mpfe_clearfix mobile_visibility_hide\">\r\n\t\t\t\t\t\t\t\t\t\t\t\t\t\t\t\t\t\t\t<\/span>\r\n\r\n\t\t\t\t\t<\/div>\r\n\r\n\t\t\t\t\t\t\t<\/div>\r\n\t\t\t\t<\/div>\r\n\t\t\t<\/div>\r\n\t\t<\/div>\r\n\r\n\t\t\t\t\t\t<\/div>\n\t\t\t\t<\/div>\n\t\t\t\t<\/div>\n\t\t\t\t<\/div>\n\t\t\t\t<\/div>\n\t\t\t\t\t<\/div>\n\t\t\t\t<\/div>\n\t\t\t\t<\/div>\n\t\t","protected":false},"excerpt":{"rendered":"<p>Ecole Amp\u00e8re 1er semestre 2026 \u00ab\u00a0Ce que tu vois&#8230; Le Podcast\u00a0\u00bb. Episode 1: Ecole Amp\u00e8re. \u00ab\u00a0Ce que tu vois&#8230; le podcast\u00a0\u00bb a \u00e9t\u00e9 r\u00e9alis\u00e9 par la compagnie fr\u00f8nti\u00e8res \u00e0 la suite des ateliers de sensibilisation aux handicaps visibles et invisibles. Merci \u00e0 la classe m\u00e9dia, les ce2 de Laurence Marie de l&rsquo;\u00e9cole Amp\u00e8re, Grenoble. A [&hellip;]<\/p>\n","protected":false},"author":2,"featured_media":0,"parent":0,"menu_order":0,"comment_status":"closed","ping_status":"closed","template":"","meta":{"footnotes":""},"class_list":["post-1702","page","type-page","status-publish","hentry"],"_links":{"self":[{"href":"https:\/\/compagniefrontieres.fr\/index.php?rest_route=\/wp\/v2\/pages\/1702","targetHints":{"allow":["GET"]}}],"collection":[{"href":"https:\/\/compagniefrontieres.fr\/index.php?rest_route=\/wp\/v2\/pages"}],"about":[{"href":"https:\/\/compagniefrontieres.fr\/index.php?rest_route=\/wp\/v2\/types\/page"}],"author":[{"embeddable":true,"href":"https:\/\/compagniefrontieres.fr\/index.php?rest_route=\/wp\/v2\/users\/2"}],"replies":[{"embeddable":true,"href":"https:\/\/compagniefrontieres.fr\/index.php?rest_route=%2Fwp%2Fv2%2Fcomments&post=1702"}],"version-history":[{"count":47,"href":"https:\/\/compagniefrontieres.fr\/index.php?rest_route=\/wp\/v2\/pages\/1702\/revisions"}],"predecessor-version":[{"id":1776,"href":"https:\/\/compagniefrontieres.fr\/index.php?rest_route=\/wp\/v2\/pages\/1702\/revisions\/1776"}],"wp:attachment":[{"href":"https:\/\/compagniefrontieres.fr\/index.php?rest_route=%2Fwp%2Fv2%2Fmedia&parent=1702"}],"curies":[{"name":"wp","href":"https:\/\/api.w.org\/{rel}","templated":true}]}}